{"id":446,"date":"2021-07-02T16:27:35","date_gmt":"2021-07-02T14:27:35","guid":{"rendered":"https:\/\/www.vergers-vivants.fr\/wp\/?page_id=446"},"modified":"2021-07-06T10:37:16","modified_gmt":"2021-07-06T08:37:16","slug":"la-taille-de-formation-des-fruitiers-haute-tige","status":"publish","type":"page","link":"https:\/\/www.vergers-vivants.fr\/wp\/ressources\/arboriculture-2\/la-taille-de-formation-des-fruitiers-haute-tige\/","title":{"rendered":"La taille de formation des fruitiers \u00ab haute-tige \u00bb"},"content":{"rendered":"\n<p>La taille de formation vise \u00e0 conduire l\u2019arbre selon un sch\u00e9ma d\u00e9termin\u00e9&nbsp;: haute-tige, basse-tige, palmette, espalier, etc. La formation des jeunes fruitiers haute-tige se pratique les 10 premi\u00e8res ann\u00e9es de l\u2019arbre et cela chaque ann\u00e9e.&nbsp;<br>Dans cette fiche, nous d\u00e9crirons uniquement la forme en axe qui, en raison de nos conditions climatiques (poids de la neige et du givre), est la plus adapt\u00e9e aux arbres de haute-tige<sup>&nbsp;[1]<\/sup><\/p>\n\n\n\n<p>Cette taille a pour but de donner une structure \u00e0 l\u2019arbre. La structure comprend un tronc (tige), un axe central et des charpenti\u00e8res. Une fois l\u2019arbre form\u00e9, il est n\u00e9cessaire de pratiquer une taille d\u2019entretien tous les 2 \u00e0 3 ans selon les besoins (voir fiche technique n\u00b06).<\/p>\n\n\n\n<p><em><sup>[1]&nbsp;<\/sup>les autres forment seront trait\u00e9es dans une fiche technique \u00e0 venir<\/em><\/p>\n\n\n\n<h2 class=\"wp-block-heading\">LES \u00c9L\u00c9MENTS DE STRUCTURE<\/h2>\n\n\n\n<p><\/p>\n\n\n\n<h4 class=\"wp-block-heading\"><strong>Le tronc<\/strong><\/h4>\n\n\n\n<p>Traditionnellement, un arbre haute-tige est couronn\u00e9 entre 1.7m et 1.9m. En Suisse, selon l\u2019Ordonnance sur les payements directs (OPD), pour \u00eatre reconnu comme un arbre \u00e0 haute tige, le tronc des arbres \u00e0 noyaux doit mesurer au minimum 1.2 m\u00e8tres et pour les arbres \u00e0 p\u00e9pins, au minimum 1.6 m\u00e8tres. C\u2019est \u00e0 partir de cette hauteur que partent l\u2019axe et les charpenti\u00e8res (la couronne). En France, un arbre est dit de haute-tige lorque son tronc mesure entre 1,8 m et 2.5m.<\/p>\n\n\n\n<div class=\"wp-block-image\"><figure class=\"aligncenter size-large\"><img loading=\"lazy\" decoding=\"async\" width=\"240\" height=\"300\" src=\"https:\/\/www.vergers-vivants.fr\/wp\/wp-content\/uploads\/2021\/07\/structure.gif\" alt=\"\" class=\"wp-image-597\"\/><\/figure><\/div>\n\n\n\n<p><em>Figure 1&nbsp;: \u00e9l\u00e9ments de structure&nbsp;; Riess 1996<br>(L)&nbsp;: charpenti\u00e8re<br>(SV)&nbsp;: prolongement de l\u2019axe<br>(LV)&nbsp;: prolongement de la charpenti\u00e8re<br>(F)&nbsp;: fruiti\u00e8re<br><\/em><\/p>\n\n\n\n<h4 class=\"wp-block-heading\"><strong>L\u2019axe et son prolongement (SV)<\/strong><\/h4>\n\n\n\n<p>L\u2019axe est le prolongement du tronc et sert de point de r\u00e9f\u00e9rence pour dimensionner les charpenti\u00e8res. La fl\u00e8che situ\u00e9e \u00e0 l\u2019extr\u00e9mit\u00e9 de ce dernier appelle la s\u00e8ve et contribue ainsi \u00e0 la croissance verticale de l\u2019arbre.<\/p>\n\n\n\n<h4 class=\"wp-block-heading\"><strong>Les charpenti\u00e8res (L) et prolongement de la charpenti\u00e8re (LV)<\/strong><\/h4>\n\n\n\n<p>Les charpenti\u00e8res, au nombre de 3 \u00e0 5, sont r\u00e9parties autour de l\u2019arbre de fa\u00e7on \u00e0 optimiser l\u2019espace. Une inclinaison de 45\u00b0 favorise la croissance et la solidit\u00e9 des structures primaires.<\/p>\n\n\n\n<p>Elles portent les sous-charpenti\u00e8res qui partent en principe horizontalement. Les fruiti\u00e8res (F) poussent le plus souvent sur les sous-charpenti\u00e8res, on privil\u00e9giera celles qui ont un angle id\u00e9al de 130\u00b0 (diriger vers le bas), ce qui va favoriser la production d\u2019organes fruitiers (dards, lambourdes, brindilles couronn\u00e9es, bourgeons \u00e0 fleur\u2026) et limiter la croissance verticale des pousses (gourmands).<br><\/p>\n\n\n\n<div class=\"wp-block-image\"><figure class=\"aligncenter size-large is-resized\"><img loading=\"lazy\" decoding=\"async\" src=\"https:\/\/www.vergers-vivants.fr\/wp\/wp-content\/uploads\/2021\/07\/taille-plantation-635x1024.jpg\" alt=\"\" class=\"wp-image-599\" width=\"318\" height=\"512\" srcset=\"https:\/\/www.vergers-vivants.fr\/wp\/wp-content\/uploads\/2021\/07\/taille-plantation-635x1024.jpg 635w, https:\/\/www.vergers-vivants.fr\/wp\/wp-content\/uploads\/2021\/07\/taille-plantation-186x300.jpg 186w, https:\/\/www.vergers-vivants.fr\/wp\/wp-content\/uploads\/2021\/07\/taille-plantation-768x1238.jpg 768w, https:\/\/www.vergers-vivants.fr\/wp\/wp-content\/uploads\/2021\/07\/taille-plantation-953x1536.jpg 953w, https:\/\/www.vergers-vivants.fr\/wp\/wp-content\/uploads\/2021\/07\/taille-plantation.jpg 1239w\" sizes=\"auto, (max-width: 318px) 100vw, 318px\" \/><\/figure><\/div>\n\n\n\n<h2 class=\"wp-block-heading\">PRINCIPES DE TAILLE DE FORMATION<\/h2>\n\n\n\n<ul class=\"wp-block-list\"><li>\u202f<strong>S\u00e9lectionner l\u2019axe et les 3 \u00e0 5 charpenti\u00e8res<\/strong> (figure 1). Les charpenti\u00e8res ne doivent si possible pas partir du m\u00eame niveau (au risque d\u2019affaiblir la croissance voir l\u2019annihilation de l\u2019axe) et \u00eatre de m\u00eame vigueur.<\/li><li>Utiliser des <strong>outils propres<\/strong> qui ont \u00e9t\u00e9 d\u00e9sinfect\u00e9s au pr\u00e9alable (pass\u00e9s \u00e0 la flamme). Mesure limitant la propagation de maladies comme le feu bact\u00e9rien et les chancres.<\/li><li>\u202fPrendre le temps d\u2019identifier les \u00e9l\u00e9ments de structure indispensables, afin de ne pas les supprimer par m\u00e9garde.<\/li><li><strong>Supprimer les branches mal plac\u00e9es<\/strong> qui poussent vers l\u2019int\u00e9rieur, qui croisent d\u2019autres branches et les fourches en gardant le meilleur prolongement.<\/li><li>Faire le tour des solutions possibles afin de choisir la meilleure (avoir une vue a\u00e9rienne de l\u2019arbre)<\/li><li>Travailler tous les \u00e9l\u00e9ments de structure, les uns apr\u00e8s les autres, en commen\u00e7ant par l\u2019axe.<\/li><li>Tailler toujours de haut en bas.<\/li><li>Commencer la taille par l\u2019axe central, en d\u00e9terminant la fl\u00e8che (pousse de l\u2019ann\u00e9e choisie comme prolongement) qui sera rabattue entre un tiers et la moiti\u00e9 de sa longueur. Enlever avec l\u2019ongle l\u2019avant dernier bourgeon. Ce rabattage a pour but de stimuler la croissance de la nouvelle pousse et de favoriser l\u2019axe par rapport aux autres branches (figure 2).<\/li><\/ul>\n\n\n\n<p>Figure 2&nbsp;: Taille de plantation, choisir et rabattre les \u00e9l\u00e9ments de structure<\/p>\n\n\n\n<ul class=\"wp-block-list\"><li>Donner aux charpenti\u00e8res un angle de 45\u00b0 avec l\u2019axe central. Quand l\u2019angle est trop ferm\u00e9 on peut utiliser un \u00e9carteur pour donner le bon angle.<\/li><li>Rabattre les charpenti\u00e8res selon un angle de 45\u00b0 par rapport au sommet de la fl\u00e8che. L\u2019axe est le point de r\u00e9f\u00e9rence du gabarit de l\u2019arbre.<\/li><li>Tailler toujours les charpenti\u00e8res sur le bois de l\u2019ann\u00e9e et rabattre le prolongement entre un tiers et la moiti\u00e9 de sa longueur.<\/li><li>Tailler toujours au-dessus d\u2019un \u0153il \u00e0 bois partant vers l\u2019ext\u00e9rieur. Enlever avec l\u2019ongle l\u2019avant dernier bourgeon pour \u00e9viter une concurrence inutile et pour renforcer la nouvelle pousse (figure 2).<\/li><\/ul>\n\n\n\n<figure class=\"wp-block-image size-large\"><img loading=\"lazy\" decoding=\"async\" width=\"358\" height=\"215\" src=\"https:\/\/www.vergers-vivants.fr\/wp\/wp-content\/uploads\/2021\/07\/image011.gif\" alt=\"\" class=\"wp-image-600\"\/><\/figure>\n\n\n\n<p><br>Figure 3\u00a0: taille formation avant (a) et apr\u00e8s (b)<\/p>\n\n\n\n<ul class=\"wp-block-list\"><li>S\u00e9lectionner les futures sous-charpenti\u00e8res, celles de pr\u00e9f\u00e9rence plac\u00e9es \u00e0 l\u2019horizontale de part et d\u2019autre de la charpenti\u00e8re mais ne pas tailler leurs extr\u00e9mit\u00e9s.<\/li><li>\u00c9viter absolument de tailler sur une branche qui part horizontalement pour faire votre prolongement (formation de manivelle). Cette derni\u00e8re se transformera en manivelle et deviendra un point faible qui c\u00e9dera au moindre effort (trop de fruits, neige lourde de printemps\u2026). De plus cette taille stoppe le d\u00e9veloppement de la charpenti\u00e8re (figure 4).<\/li><\/ul>\n\n\n\n<figure class=\"wp-block-image size-large\"><img loading=\"lazy\" decoding=\"async\" width=\"548\" height=\"488\" src=\"https:\/\/www.vergers-vivants.fr\/wp\/wp-content\/uploads\/2021\/07\/manivelle.jpg\" alt=\"\" class=\"wp-image-601\" srcset=\"https:\/\/www.vergers-vivants.fr\/wp\/wp-content\/uploads\/2021\/07\/manivelle.jpg 548w, https:\/\/www.vergers-vivants.fr\/wp\/wp-content\/uploads\/2021\/07\/manivelle-300x267.jpg 300w\" sizes=\"auto, (max-width: 548px) 100vw, 548px\" \/><\/figure>\n\n\n\n<p><br>Figure 4\u00a0: \u00e9viter la formation de \u00ab\u00a0manivelles\u00a0\u00bb<\/p>\n\n\n\n<p><\/p>\n\n\n\n<h4 class=\"wp-block-heading\">En suivant tous ces conseils, vous obtiendrez un arbre bien form\u00e9 sera beaucoup plus facile \u00e0 entretenir, produira des fruits de meilleure qualit\u00e9, sera moins sensible(s) aux maladies et demandera moins de temps de travail qu\u2019un arbre dont la formation a \u00e9t\u00e9 n\u00e9glig\u00e9e.<\/h4>\n\n\n\n<h4 class=\"wp-block-heading\">Pour en savoir plus&#8230;<\/h4>\n\n\n\n<figure class=\"wp-block-table\"><table><tbody><tr><td><strong>Ouvrages consultables \u00e0\u00a0Vergers Vivants (F)\u00a0ou \u00e0 la\u00a0<a href=\"http:\/\/www.frij.ch\/\">Fondation Rurale Interjurassienne (CH)<\/a>\u00a0:<\/strong>\u00a0<br>&#8211; \u00a0Le pr\u00e9-verger pour une agriculture durable &#8211; F. Coulon, P. Pointereau, I. Meiffren (Ed. Solagro)\u00a0<br>&#8211; \u00a0Arboriculture fruiti\u00e8re moderne &#8211; A. Lugeon (Ed.Payot Lausanne)\u00a0<br>&#8211; \u00a0Manuel de taille douce &#8211; A. Pontoppidan (Ed. Terre vivante)<\/td><\/tr><tr><td><strong>Permanences Conseils de Vergers Vivants (F)<\/strong><a href=\"https:\/\/vergers-vivants.fr\/spip\/ecrire\/?exec=article&amp;id_article=215\">voir l\u2019agenda<\/a><\/td><\/tr><tr><td><strong>Conseils \u00e0 la&nbsp;<a href=\"http:\/\/www.frij.ch\/\">Fondation Rurale Interjurassienne (CH)<\/a><\/strong><\/td><\/tr><\/tbody><\/table><\/figure>\n\n\n\n<p><em>R\u00e9alis\u00e9 dans le cadre du Programme de coop\u00e9ration territoriale europ\u00e9enne INTERREG IV France-Suisse 2007-2013<\/em><\/p>\n\n\n\n<figure class=\"wp-block-image size-large\"><img loading=\"lazy\" decoding=\"async\" width=\"550\" height=\"186\" src=\"https:\/\/www.vergers-vivants.fr\/wp\/wp-content\/uploads\/2021\/07\/interreg.jpg\" alt=\"\" class=\"wp-image-540\" srcset=\"https:\/\/www.vergers-vivants.fr\/wp\/wp-content\/uploads\/2021\/07\/interreg.jpg 550w, https:\/\/www.vergers-vivants.fr\/wp\/wp-content\/uploads\/2021\/07\/interreg-300x101.jpg 300w\" sizes=\"auto, (max-width: 550px) 100vw, 550px\" \/><\/figure>\n\n\n\n<div class=\"wp-block-file\"><a href=\"https:\/\/www.vergers-vivants.fr\/wp\/wp-content\/uploads\/2021\/07\/FT7_taille-formation_web.pdf\">T\u00e9l\u00e9charger la fiche technique<\/a><a href=\"https:\/\/www.vergers-vivants.fr\/wp\/wp-content\/uploads\/2021\/07\/FT7_taille-formation_web.pdf\" class=\"wp-block-file__button\" download>T\u00e9l\u00e9charger<\/a><\/div>\n\n\n<a href=\"https:\/\/www.vergers-vivants.fr\/wp\/wp-content\/uploads\/2021\/07\/FT7_taille-formation_web.pdf\" class=\"pdfemb-viewer\" style=\"\" data-width=\"max\" data-height=\"max\" data-toolbar=\"bottom\" data-toolbar-fixed=\"on\">FT7_taille-formation_web<\/a>\n<p class=\"wp-block-pdfemb-pdf-embedder-viewer\"><\/p>\n","protected":false},"excerpt":{"rendered":"<p>La taille de formation vise \u00e0 conduire l\u2019arbre selon un sch\u00e9ma d\u00e9termin\u00e9&nbsp;: haute-tige, basse-tige, palmette, espalier, etc. La formation des jeunes fruitiers haute-tige se pratique les 10 premi\u00e8res ann\u00e9es de l\u2019arbre et cela chaque ann\u00e9e.&nbsp;Dans cette fiche, nous d\u00e9crirons uniquement la forme en axe qui, en raison de nos conditions climatiques (poids de la neige &hellip; <\/p>\n<p class=\"link-more\"><a href=\"https:\/\/www.vergers-vivants.fr\/wp\/ressources\/arboriculture-2\/la-taille-de-formation-des-fruitiers-haute-tige\/\" class=\"more-link\">Continuer la lecture<span class=\"screen-reader-text\"> de &laquo;&nbsp;La taille de formation des fruitiers \u00ab haute-tige \u00bb&nbsp;&raquo;<\/span><\/a><\/p>\n","protected":false},"author":1,"featured_media":0,"parent":372,"menu_order":0,"comment_status":"closed","ping_status":"closed","template":"","meta":{"footnotes":""},"class_list":["post-446","page","type-page","status-publish","hentry"],"aioseo_notices":[],"_links":{"self":[{"href":"https:\/\/www.vergers-vivants.fr\/wp\/wp-json\/wp\/v2\/pages\/446","targetHints":{"allow":["GET"]}}],"collection":[{"href":"https:\/\/www.vergers-vivants.fr\/wp\/wp-json\/wp\/v2\/pages"}],"about":[{"href":"https:\/\/www.vergers-vivants.fr\/wp\/wp-json\/wp\/v2\/types\/page"}],"author":[{"embeddable":true,"href":"https:\/\/www.vergers-vivants.fr\/wp\/wp-json\/wp\/v2\/users\/1"}],"replies":[{"embeddable":true,"href":"https:\/\/www.vergers-vivants.fr\/wp\/wp-json\/wp\/v2\/comments?post=446"}],"version-history":[{"count":3,"href":"https:\/\/www.vergers-vivants.fr\/wp\/wp-json\/wp\/v2\/pages\/446\/revisions"}],"predecessor-version":[{"id":602,"href":"https:\/\/www.vergers-vivants.fr\/wp\/wp-json\/wp\/v2\/pages\/446\/revisions\/602"}],"up":[{"embeddable":true,"href":"https:\/\/www.vergers-vivants.fr\/wp\/wp-json\/wp\/v2\/pages\/372"}],"wp:attachment":[{"href":"https:\/\/www.vergers-vivants.fr\/wp\/wp-json\/wp\/v2\/media?parent=446"}],"curies":[{"name":"wp","href":"https:\/\/api.w.org\/{rel}","templated":true}]}}